{"version":"1.0","provider_name":"DMP-LEGAL","provider_url":"http:\/\/dmp-legal.pl\/en","title":"ID\u0104 ZMIANY W PODATKU OD NIERUCHOMO\u015aCI KOMERCYJNYCH - DMP-LEGAL","type":"rich","width":600,"height":338,"html":"<blockquote class=\"wp-embedded-content\" data-secret=\"2RyUBBnmY9\"><a href=\"http:\/\/dmp-legal.pl\/en\/2018\/04\/11\/ida-zmiany-podatku-nieruchomosci-komercyjnych\/\">ID\u0104 ZMIANY W PODATKU OD NIERUCHOMO\u015aCI KOMERCYJNYCH<\/a><\/blockquote><iframe sandbox=\"allow-scripts\" security=\"restricted\" src=\"http:\/\/dmp-legal.pl\/en\/2018\/04\/11\/ida-zmiany-podatku-nieruchomosci-komercyjnych\/embed\/#?secret=2RyUBBnmY9\" width=\"600\" height=\"338\" title=\"&#8220;ID\u0104 ZMIANY W PODATKU OD NIERUCHOMO\u015aCI KOMERCYJNYCH&#8221; &#8212; DMP-LEGAL\" data-secret=\"2RyUBBnmY9\" frameborder=\"0\" marginwidth=\"0\" marginheight=\"0\" scrolling=\"no\" class=\"wp-embedded-content\"><\/iframe><script type=\"text\/javascript\">\n\/* <![CDATA[ *\/\n\/*! This file is auto-generated *\/\n!function(d,l){\"use strict\";l.querySelector&&d.addEventListener&&\"undefined\"!=typeof URL&&(d.wp=d.wp||{},d.wp.receiveEmbedMessage||(d.wp.receiveEmbedMessage=function(e){var t=e.data;if((t||t.secret||t.message||t.value)&&!\/[^a-zA-Z0-9]\/.test(t.secret)){for(var s,r,n,a=l.querySelectorAll('iframe[data-secret=\"'+t.secret+'\"]'),o=l.querySelectorAll('blockquote[data-secret=\"'+t.secret+'\"]'),c=new RegExp(\"^https?:$\",\"i\"),i=0;i<o.length;i++)o[i].style.display=\"none\";for(i=0;i<a.length;i++)s=a[i],e.source===s.contentWindow&&(s.removeAttribute(\"style\"),\"height\"===t.message?(1e3<(r=parseInt(t.value,10))?r=1e3:~~r<200&&(r=200),s.height=r):\"link\"===t.message&&(r=new URL(s.getAttribute(\"src\")),n=new URL(t.value),c.test(n.protocol))&&n.host===r.host&&l.activeElement===s&&(d.top.location.href=t.value))}},d.addEventListener(\"message\",d.wp.receiveEmbedMessage,!1),l.addEventListener(\"DOMContentLoaded\",function(){for(var e,t,s=l.querySelectorAll(\"iframe.wp-embedded-content\"),r=0;r<s.length;r++)(t=(e=s[r]).getAttribute(\"data-secret\"))||(t=Math.random().toString(36).substring(2,12),e.src+=\"#?secret=\"+t,e.setAttribute(\"data-secret\",t)),e.contentWindow.postMessage({message:\"ready\",secret:t},\"*\")},!1)))}(window,document);\n\/* ]]> *\/\n<\/script>\n","description":"Ministerstwo Finans\u00f3w poinformowa\u0142o o planowanych zmianach w podatku od nieruchomo\u015bci komercyjnych (tzw. podatek minimalny). Opodatkowane minimalnym\u00a0podatkiem\u00a0dochodowym maj\u0105 by\u0107 tylko te budynki (ich cz\u0119\u015bci), kt\u00f3re s\u0105 oddane do odp\u0142atnego u\u017cywania na podstawie umowy najmu, dzier\u017cawy, leasingu itp. Budynki niewynaj\u0119te (lub ich cz\u0119\u015bci) nie b\u0119d\u0105 podlega\u0107 opodatkowaniu. Zasada ta mia\u0142aby te\u017c zastosowanie..."}